{"id":1158,"date":"2026-04-07T15:55:26","date_gmt":"2026-04-07T15:55:26","guid":{"rendered":"https:\/\/www.secretariaprivada.gob.gt\/?post_type=agenda-territorial&#038;p=1158"},"modified":"2026-04-07T15:55:27","modified_gmt":"2026-04-07T15:55:27","slug":"comunidades-indigenas-aliadas-de-chichicastenango","status":"publish","type":"agenda-territorial","link":"https:\/\/www.secretariaprivada.gob.gt\/en\/agenda-territorial\/comunidades-indigenas-aliadas-de-chichicastenango\/","title":{"rendered":"Comunidades Ind\u00edgenas Aliadas de Chichicastenango"},"content":{"rendered":"<p class=\"eplus-wrapper\"><strong>Plan de Trabajo Conjunto para fortalecer la cooperaci\u00f3n entre el Gobierno y las Comunidades Ind\u00edgenas Aliadas de Chichicastenango<\/strong><\/p>\n\n\n\n<p class=\"eplus-wrapper\"><strong>Inversi\u00f3n de obra p\u00fablica:<\/strong> Respeto a la propiedad comunal.<\/p>\n\n\n\n<p class=\"eplus-wrapper\"><strong>Salud: <\/strong>Servicios dignos y respetando la identidad y cultura.<\/p>\n\n\n\n<p class=\"eplus-wrapper\"><strong>Agua y saneamiento<\/strong>: promover apoyo t\u00e9cnico y financiero a trav\u00e9s del INFOM, para la construcci\u00f3n de plantas de tratamiento de agua.<\/p>\n\n\n\n<p class=\"eplus-wrapper\"><strong>Educaci\u00f3n<\/strong>: gestionar equipo tecnol\u00f3gico para establecimientos p\u00fablicos y brindar becas para que j\u00f3venes.<\/p>\n\n\n\n<p class=\"eplus-wrapper\"><strong>Productividad: <\/strong>incluir a las Comunidades Aliadas de Chichicastenango en el plan de reactivaci\u00f3n econ\u00f3mica.<\/p>\n\n\n\n<p class=\"eplus-wrapper\"><strong>Infraestructura vial: <\/strong>inversi\u00f3n para carreteras nacionales, municipales y caminos cantonales.<\/p>\n\n\n\n<p class=\"eplus-wrapper\"><strong>Cuidado de bosques: <\/strong>promover el fomento, protecci\u00f3n y manejo sostenible de los bosques de la regi\u00f3n.<\/p>\n\n\n\n<p class=\"eplus-wrapper\"><strong>Democracia y lucha contra la corrupci\u00f3n: <\/strong>realizar propuestas para fortalecer la democracia, la auditor\u00eda social y la rendici\u00f3n de cuentas.<\/p>","protected":false},"featured_media":1162,"parent":0,"menu_order":0,"template":"","meta":{"_acf_changed":true,"editor_plus_copied_stylings":"{}","_links_to":"","_links_to_target":""},"class_list":["post-1158","agenda-territorial","type-agenda-territorial","status-publish","has-post-thumbnail","hentry"],"acf":[],"_links":{"self":[{"href":"https:\/\/www.secretariaprivada.gob.gt\/en\/wp-json\/wp\/v2\/agenda-territorial\/1158","targetHints":{"allow":["GET"]}}],"collection":[{"href":"https:\/\/www.secretariaprivada.gob.gt\/en\/wp-json\/wp\/v2\/agenda-territorial"}],"about":[{"href":"https:\/\/www.secretariaprivada.gob.gt\/en\/wp-json\/wp\/v2\/types\/agenda-territorial"}],"wp:featuredmedia":[{"embeddable":true,"href":"https:\/\/www.secretariaprivada.gob.gt\/en\/wp-json\/wp\/v2\/media\/1162"}],"wp:attachment":[{"href":"https:\/\/www.secretariaprivada.gob.gt\/en\/wp-json\/wp\/v2\/media?parent=1158"}],"curies":[{"name":"wp","href":"https:\/\/api.w.org\/{rel}","templated":true}]}}